{"id":801,"date":"2021-07-22T21:05:54","date_gmt":"2021-07-22T21:05:54","guid":{"rendered":"http:\/\/wroclaw-info.pl\/?page_id=801"},"modified":"2021-11-27T20:07:19","modified_gmt":"2021-11-27T20:07:19","slug":"wroclaw-1-dzien","status":"publish","type":"page","link":"https:\/\/wroclaw-info.pl\/en\/poznaj-wroclaw\/wroclaw-1-dzien\/","title":{"rendered":"Wroc\u0142aw w 1 dzie\u0144"},"content":{"rendered":"<div data-elementor-type=\"wp-page\" data-elementor-id=\"801\" class=\"elementor elementor-801\" data-elementor-settings=\"[]\">\n\t\t\t\t\t\t\t<div class=\"elementor-section-wrap\">\n\t\t\t\t\t\t\t<section class=\"elementor-section elementor-top-section elementor-element elementor-element-1c8c9bd elementor-section-height-min-height elementor-section-boxed elementor-section-height-default elementor-section-items-middle\" data-id=\"1c8c9bd\" data-element_type=\"section\" data-settings=\"{&quot;background_background&quot;:&quot;classic&quot;}\">\n\t\t\t\t\t\t\t<div class=\"elementor-background-overlay\"><\/div>\n\t\t\t\t\t\t\t<div class=\"elementor-container elementor-column-gap-extended\">\n\t\t\t\t\t<div class=\"elementor-column elementor-col-50 elementor-top-column elementor-element elementor-element-a45d5ab\" data-id=\"a45d5ab\" data-element_type=\"column\">\n\t\t\t<div class=\"elementor-widget-wrap elementor-element-populated\">\n\t\t\t\t\t\t\t\t<div class=\"elementor-element elementor-element-cb65e8e elementor-widget elementor-widget-image\" data-id=\"cb65e8e\" data-element_type=\"widget\" data-widget_type=\"image.default\">\n\t\t\t\t<div class=\"elementor-widget-container\">\n\t\t\t\t\t\t\t\t\t\t\t\t\t\t\t<img decoding=\"async\" src=\"https:\/\/wroclaw-info.pl\/wp-content\/uploads\/elementor\/thumbs\/260988319_595972461621792_7942289719805957905_n-pgp26n5ohr6effw2qe5ulci1q6gvnhfypm2z0ku8cw.png\" title=\"260988319_595972461621792_7942289719805957905_n\" alt=\"260988319_595972461621792_7942289719805957905_n\" \/>\t\t\t\t\t\t\t\t\t\t\t\t\t\t\t<\/div>\n\t\t\t\t<\/div>\n\t\t\t\t\t<\/div>\n\t\t<\/div>\n\t\t\t\t<div class=\"elementor-column elementor-col-50 elementor-top-column elementor-element elementor-element-103930f\" data-id=\"103930f\" data-element_type=\"column\">\n\t\t\t<div class=\"elementor-widget-wrap elementor-element-populated\">\n\t\t\t\t\t\t\t\t<div class=\"elementor-element elementor-element-0fc6bfa elementor-widget elementor-widget-heading\" data-id=\"0fc6bfa\" data-element_type=\"widget\" data-widget_type=\"heading.default\">\n\t\t\t\t<div class=\"elementor-widget-container\">\n\t\t\t<h2 class=\"elementor-heading-title elementor-size-large\">Wroc\u0142aw na pierwszy rzut oka<\/h2>\t\t<\/div>\n\t\t\t\t<\/div>\n\t\t\t\t<div class=\"elementor-element elementor-element-5f0f428 elementor-widget elementor-widget-text-editor\" data-id=\"5f0f428\" data-element_type=\"widget\" data-widget_type=\"text-editor.default\">\n\t\t\t\t<div class=\"elementor-widget-container\">\n\t\t\t\t\t\t\t\t<p>Pierwsze wra\u017cenie jest najwa\u017cniejsze! Poznaj najbardziej charakterystyczne miejsca we Wroc\u0142awiu, je\u015bli masz niewiele czasu. Poczuj klimat, charakter i r\u00f3\u017cnorodno\u015b\u0107 miasta nad Odr\u0105.<\/p>\t\t\t\t\t\t<\/div>\n\t\t\t\t<\/div>\n\t\t\t\t\t<\/div>\n\t\t<\/div>\n\t\t\t\t\t\t\t<\/div>\n\t\t<\/section>\n\t\t\t\t<section class=\"elementor-section elementor-top-section elementor-element elementor-element-fbfc5ec elementor-section-boxed elementor-section-height-default elementor-section-height-default\" data-id=\"fbfc5ec\" data-element_type=\"section\" data-settings=\"{&quot;motion_fx_motion_fx_scrolling&quot;:&quot;yes&quot;,&quot;motion_fx_devices&quot;:[&quot;desktop&quot;]}\">\n\t\t\t\t\t\t<div class=\"elementor-container elementor-column-gap-default\">\n\t\t\t\t\t<div class=\"elementor-column elementor-col-100 elementor-top-column elementor-element elementor-element-26b4907\" data-id=\"26b4907\" data-element_type=\"column\">\n\t\t\t<div class=\"elementor-widget-wrap elementor-element-populated\">\n\t\t\t\t\t\t\t\t<div class=\"elementor-element elementor-element-d71ee29 elementor-widget elementor-widget-spacer\" data-id=\"d71ee29\" data-element_type=\"widget\" data-widget_type=\"spacer.default\">\n\t\t\t\t<div class=\"elementor-widget-container\">\n\t\t\t\t\t<div class=\"elementor-spacer\">\n\t\t\t<div class=\"elementor-spacer-inner\"><\/div>\n\t\t<\/div>\n\t\t\t\t<\/div>\n\t\t\t\t<\/div>\n\t\t\t\t<div class=\"elementor-element elementor-element-3e27ce3 elementor-widget elementor-widget-spacer\" data-id=\"3e27ce3\" data-element_type=\"widget\" data-widget_type=\"spacer.default\">\n\t\t\t\t<div class=\"elementor-widget-container\">\n\t\t\t\t\t<div class=\"elementor-spacer\">\n\t\t\t<div class=\"elementor-spacer-inner\"><\/div>\n\t\t<\/div>\n\t\t\t\t<\/div>\n\t\t\t\t<\/div>\n\t\t\t\t<section class=\"elementor-section elementor-inner-section elementor-element elementor-element-5e9619c elementor-section-boxed elementor-section-height-default elementor-section-height-default\" data-id=\"5e9619c\" data-element_type=\"section\">\n\t\t\t\t\t\t<div class=\"elementor-container elementor-column-gap-default\">\n\t\t\t\t\t<div class=\"elementor-column elementor-col-100 elementor-inner-column elementor-element elementor-element-3477c4e\" data-id=\"3477c4e\" data-element_type=\"column\">\n\t\t\t<div class=\"elementor-widget-wrap elementor-element-populated\">\n\t\t\t\t\t\t\t\t<div class=\"elementor-element elementor-element-475b225 elementor-widget elementor-widget-heading\" data-id=\"475b225\" data-element_type=\"widget\" data-widget_type=\"heading.default\">\n\t\t\t\t<div class=\"elementor-widget-container\">\n\t\t\t<h2 class=\"elementor-heading-title elementor-size-xl\">Wroc\u0142aw w 1 dzie\u0144 (4 h)<\/h2>\t\t<\/div>\n\t\t\t\t<\/div>\n\t\t\t\t<div class=\"elementor-element elementor-element-a4241ba elementor-widget elementor-widget-text-editor\" data-id=\"a4241ba\" data-element_type=\"widget\" data-widget_type=\"text-editor.default\">\n\t\t\t\t<div class=\"elementor-widget-container\">\n\t\t\t\t\t\t\t\t<p><strong>Trasa:<\/strong> Muzeum Historyczne w Pa\u0142acu Kr\u00f3lewskim: Wystawa 1000-lecia historii Wroc\u0142awia \u2212 Rynek: Ko\u015bci\u00f3\u0142 Garnizonowy Bazylika Mniejsza pw \u015bw. El\u017cbiety \u2212 Jatki \u2212 Stare Wi\u0119zienie przy ul. Wi\u0119ziennej \u2212 Uniwersytet Wroc\u0142awski \u2212 Ogrody Ossolineum \u2212 Historyczny Szlak przy ul. Nankiera \u2212 Hala Targowa \u2212 Most Piaskowy \u2212 Most Tumski \u2212 Ostr\u00f3w Tumski<\/p>\t\t\t\t\t\t<\/div>\n\t\t\t\t<\/div>\n\t\t\t\t\t<\/div>\n\t\t<\/div>\n\t\t\t\t\t\t\t<\/div>\n\t\t<\/section>\n\t\t\t\t\t<\/div>\n\t\t<\/div>\n\t\t\t\t\t\t\t<\/div>\n\t\t<\/section>\n\t\t\t\t<section class=\"elementor-section elementor-top-section elementor-element elementor-element-2a75d14 elementor-section-boxed elementor-section-height-default elementor-section-height-default\" data-id=\"2a75d14\" data-element_type=\"section\">\n\t\t\t\t\t\t<div class=\"elementor-container elementor-column-gap-default\">\n\t\t\t\t\t<div class=\"elementor-column elementor-col-33 elementor-top-column elementor-element elementor-element-4baf83e\" data-id=\"4baf83e\" data-element_type=\"column\">\n\t\t\t<div class=\"elementor-widget-wrap elementor-element-populated\">\n\t\t\t\t\t\t\t\t<div class=\"elementor-element elementor-element-8fc87d3 elementor-widget elementor-widget-image\" data-id=\"8fc87d3\" data-element_type=\"widget\" data-settings=\"{&quot;_animation&quot;:&quot;none&quot;,&quot;_animation_delay&quot;:100}\" data-widget_type=\"image.default\">\n\t\t\t\t<div class=\"elementor-widget-container\">\n\t\t\t\t\t\t\t\t\t\t\t\t\t\t\t\t<a href=\"https:\/\/wroclaw-info.pl\/en\/top-10-we-wroclawiu\/palac-krolewski\/\">\n\t\t\t\t\t\t\t<img loading=\"lazy\" decoding=\"async\" width=\"344\" height=\"276\" src=\"https:\/\/wroclaw-info.pl\/wp-content\/uploads\/2021\/07\/Frame-1dsa.png\" class=\"elementor-animation-grow attachment-full size-full\" alt=\"\" srcset=\"https:\/\/wroclaw-info.pl\/wp-content\/uploads\/2021\/07\/Frame-1dsa.png 344w, https:\/\/wroclaw-info.pl\/wp-content\/uploads\/2021\/07\/Frame-1dsa-300x241.png 300w, https:\/\/wroclaw-info.pl\/wp-content\/uploads\/2021\/07\/Frame-1dsa-16x12.png 16w\" sizes=\"auto, (max-width: 344px) 100vw, 344px\" \/>\t\t\t\t\t\t\t\t<\/a>\n\t\t\t\t\t\t\t\t\t\t\t\t\t\t\t<\/div>\n\t\t\t\t<\/div>\n\t\t\t\t<div class=\"elementor-element elementor-element-ee6a245 elementor-widget elementor-widget-spacer\" data-id=\"ee6a245\" data-element_type=\"widget\" data-widget_type=\"spacer.default\">\n\t\t\t\t<div class=\"elementor-widget-container\">\n\t\t\t\t\t<div class=\"elementor-spacer\">\n\t\t\t<div class=\"elementor-spacer-inner\"><\/div>\n\t\t<\/div>\n\t\t\t\t<\/div>\n\t\t\t\t<\/div>\n\t\t\t\t<div class=\"elementor-element elementor-element-7d41f23 elementor-widget elementor-widget-heading\" data-id=\"7d41f23\" data-element_type=\"widget\" data-widget_type=\"heading.default\">\n\t\t\t\t<div class=\"elementor-widget-container\">\n\t\t\t<h2 class=\"elementor-heading-title elementor-size-large\">Muzeum Historyczne w Pa\u0142acu Kr\u00f3ewskim<\/h2>\t\t<\/div>\n\t\t\t\t<\/div>\n\t\t\t\t<div class=\"elementor-element elementor-element-3cce3b5 elementor-widget elementor-widget-text-editor\" data-id=\"3cce3b5\" data-element_type=\"widget\" data-widget_type=\"text-editor.default\">\n\t\t\t\t<div class=\"elementor-widget-container\">\n\t\t\t\t\t\t\t\t<p>Przepi\u0119kny, barokowy budynek kryje w sobie wiele ciekawostek! Wewn\u0105trz znajduje si\u0119 Muzeum Historyczne, kt\u00f3re oferuje darmowy wst\u0119p na wystaw\u0119 \u201c1000 lat historii Wroc\u0142awia\u201d. To tu poznasz histori\u0119 miasta od ma\u0142ego grodu polskiego po zniszczenia, jakich dozna\u0142 Wroc\u0142aw b\u0119d\u0105c niemieckim miastem w czasie II wojny \u015bwiatowej. To miejsce trzeba odwiedzi\u0107!<\/p>\t\t\t\t\t\t<\/div>\n\t\t\t\t<\/div>\n\t\t\t\t\t<\/div>\n\t\t<\/div>\n\t\t\t\t<div class=\"elementor-column elementor-col-33 elementor-top-column elementor-element elementor-element-099341e\" data-id=\"099341e\" data-element_type=\"column\">\n\t\t\t<div class=\"elementor-widget-wrap elementor-element-populated\">\n\t\t\t\t\t\t\t\t<div class=\"elementor-element elementor-element-42f93b9 elementor-widget elementor-widget-image\" data-id=\"42f93b9\" data-element_type=\"widget\" data-settings=\"{&quot;_animation&quot;:&quot;none&quot;,&quot;_animation_delay&quot;:100}\" data-widget_type=\"image.default\">\n\t\t\t\t<div class=\"elementor-widget-container\">\n\t\t\t\t\t\t\t\t\t\t\t\t\t\t\t\t<a href=\"https:\/\/wroclaw-info.pl\/en\/top-10-we-wroclawiu\/rynek-we-wroclawiu\/\">\n\t\t\t\t\t\t\t<img loading=\"lazy\" decoding=\"async\" width=\"344\" height=\"276\" src=\"https:\/\/wroclaw-info.pl\/wp-content\/uploads\/2021\/07\/rynek-wroclaw-fredro.png\" class=\"elementor-animation-grow attachment-full size-full\" alt=\"\" srcset=\"https:\/\/wroclaw-info.pl\/wp-content\/uploads\/2021\/07\/rynek-wroclaw-fredro.png 344w, https:\/\/wroclaw-info.pl\/wp-content\/uploads\/2021\/07\/rynek-wroclaw-fredro-300x241.png 300w, https:\/\/wroclaw-info.pl\/wp-content\/uploads\/2021\/07\/rynek-wroclaw-fredro-16x12.png 16w\" sizes=\"auto, (max-width: 344px) 100vw, 344px\" \/>\t\t\t\t\t\t\t\t<\/a>\n\t\t\t\t\t\t\t\t\t\t\t\t\t\t\t<\/div>\n\t\t\t\t<\/div>\n\t\t\t\t<div class=\"elementor-element elementor-element-92f6b5b elementor-widget elementor-widget-spacer\" data-id=\"92f6b5b\" data-element_type=\"widget\" data-widget_type=\"spacer.default\">\n\t\t\t\t<div class=\"elementor-widget-container\">\n\t\t\t\t\t<div class=\"elementor-spacer\">\n\t\t\t<div class=\"elementor-spacer-inner\"><\/div>\n\t\t<\/div>\n\t\t\t\t<\/div>\n\t\t\t\t<\/div>\n\t\t\t\t<div class=\"elementor-element elementor-element-f439484 elementor-widget elementor-widget-heading\" data-id=\"f439484\" data-element_type=\"widget\" data-widget_type=\"heading.default\">\n\t\t\t\t<div class=\"elementor-widget-container\">\n\t\t\t<h2 class=\"elementor-heading-title elementor-size-large\">Rynek we Wroc\u0142awiu<\/h2>\t\t<\/div>\n\t\t\t\t<\/div>\n\t\t\t\t<div class=\"elementor-element elementor-element-920c4be elementor-widget elementor-widget-text-editor\" data-id=\"920c4be\" data-element_type=\"widget\" data-widget_type=\"text-editor.default\">\n\t\t\t\t<div class=\"elementor-widget-container\">\n\t\t\t\t\t\t\t\t<p>Per\u0142a miasta, drugi najwi\u0119kszy rynek w Polsce. Pe\u0142en bogato zdobionych barokowych i secesyjnych kamienic. Na uwag\u0119 zas\u0142uguje gotycki Ratusz, pochodz\u0105cy z XIII wieku. W \u015brodku warto zwiedzi\u0107 Galeri\u0119 S\u0142awnych Wroc\u0142awian, a na zewn\u0105trz \u2212 nasze oczy przykuwa Pr\u0119gierz \u2212 miejsce, w kt\u00f3rym dawniej karano mieszka\u0144c\u00f3w \u015bredniowiecznego miasta. Przed Ratuszem \u2212 pomnik komediopisarza Aleksandra Fredry jest symbolem dawnych relacji \u0142\u0105cz\u0105cych Polsk\u0119 i Lw\u00f3w.<\/p>\t\t\t\t\t\t<\/div>\n\t\t\t\t<\/div>\n\t\t\t\t\t<\/div>\n\t\t<\/div>\n\t\t\t\t<div class=\"elementor-column elementor-col-33 elementor-top-column elementor-element elementor-element-e7e25c4\" data-id=\"e7e25c4\" data-element_type=\"column\">\n\t\t\t<div class=\"elementor-widget-wrap elementor-element-populated\">\n\t\t\t\t\t\t\t\t<div class=\"elementor-element elementor-element-b2659c7 elementor-widget elementor-widget-image\" data-id=\"b2659c7\" data-element_type=\"widget\" data-settings=\"{&quot;_animation&quot;:&quot;none&quot;,&quot;_animation_delay&quot;:100}\" data-widget_type=\"image.default\">\n\t\t\t\t<div class=\"elementor-widget-container\">\n\t\t\t\t\t\t\t\t\t\t\t\t\t\t\t\t<a href=\"https:\/\/visitwroclaw.eu\/miejsce\/jatki-wroclaw\">\n\t\t\t\t\t\t\t<img loading=\"lazy\" decoding=\"async\" width=\"344\" height=\"276\" src=\"https:\/\/wroclaw-info.pl\/wp-content\/uploads\/2021\/07\/wroclaw-jatki.png\" class=\"elementor-animation-grow attachment-full size-full\" alt=\"\" srcset=\"https:\/\/wroclaw-info.pl\/wp-content\/uploads\/2021\/07\/wroclaw-jatki.png 344w, https:\/\/wroclaw-info.pl\/wp-content\/uploads\/2021\/07\/wroclaw-jatki-300x241.png 300w, https:\/\/wroclaw-info.pl\/wp-content\/uploads\/2021\/07\/wroclaw-jatki-16x12.png 16w\" sizes=\"auto, (max-width: 344px) 100vw, 344px\" \/>\t\t\t\t\t\t\t\t<\/a>\n\t\t\t\t\t\t\t\t\t\t\t\t\t\t\t<\/div>\n\t\t\t\t<\/div>\n\t\t\t\t<div class=\"elementor-element elementor-element-b1df51c elementor-widget elementor-widget-spacer\" data-id=\"b1df51c\" data-element_type=\"widget\" data-widget_type=\"spacer.default\">\n\t\t\t\t<div class=\"elementor-widget-container\">\n\t\t\t\t\t<div class=\"elementor-spacer\">\n\t\t\t<div class=\"elementor-spacer-inner\"><\/div>\n\t\t<\/div>\n\t\t\t\t<\/div>\n\t\t\t\t<\/div>\n\t\t\t\t<div class=\"elementor-element elementor-element-ae84335 elementor-widget elementor-widget-heading\" data-id=\"ae84335\" data-element_type=\"widget\" data-widget_type=\"heading.default\">\n\t\t\t\t<div class=\"elementor-widget-container\">\n\t\t\t<h2 class=\"elementor-heading-title elementor-size-large\">Wroc\u0142awskie Jatki<\/h2>\t\t<\/div>\n\t\t\t\t<\/div>\n\t\t\t\t<div class=\"elementor-element elementor-element-38062a4 elementor-widget elementor-widget-text-editor\" data-id=\"38062a4\" data-element_type=\"widget\" data-widget_type=\"text-editor.default\">\n\t\t\t\t<div class=\"elementor-widget-container\">\n\t\t\t\t\t\t\t\t<p>Uroczy zak\u0105tek Wroc\u0142awia, nikt nie spodziewa si\u0119, \u017ce w czasach \u015bredniowiecznych w tym miejscu handlowano\u2026 mi\u0119sem. Rze\u017anie znajdowa\u0142y si\u0119 nad Odr\u0105. Pocz\u0105tkowo klient\u00f3w obs\u0142ugiwano na 42 niedu\u017cych stanowiskach, p\u00f3\u017aniej zwi\u0119kszono ich liczb\u0119. Na Jatkach zaopatrywano si\u0119 r\u00f3wnie\u017c w t\u0142uszcz potrzebny do o\u015bwietlania dom\u00f3w. Krasnal Rze\u017anik oraz Pomnik ku czci Zwierz\u0105t Rze\u017anych przypominaj\u0105 o dawnej funkcji tego miejsca. Dzi\u015b jest to najs\u0142ynniejszy zak\u0105tek artystyczny Wroc\u0142awia.<\/p>\t\t\t\t\t\t<\/div>\n\t\t\t\t<\/div>\n\t\t\t\t\t<\/div>\n\t\t<\/div>\n\t\t\t\t\t\t\t<\/div>\n\t\t<\/section>\n\t\t\t\t<section class=\"elementor-section elementor-top-section elementor-element elementor-element-6841e24 elementor-section-boxed elementor-section-height-default elementor-section-height-default\" data-id=\"6841e24\" data-element_type=\"section\">\n\t\t\t\t\t\t<div class=\"elementor-container elementor-column-gap-default\">\n\t\t\t\t\t<div class=\"elementor-column elementor-col-33 elementor-top-column elementor-element elementor-element-3126cb7\" data-id=\"3126cb7\" data-element_type=\"column\">\n\t\t\t<div class=\"elementor-widget-wrap elementor-element-populated\">\n\t\t\t\t\t\t\t\t<div class=\"elementor-element elementor-element-2b435ce elementor-widget elementor-widget-image\" data-id=\"2b435ce\" data-element_type=\"widget\" data-settings=\"{&quot;_animation&quot;:&quot;none&quot;,&quot;_animation_delay&quot;:100}\" data-widget_type=\"image.default\">\n\t\t\t\t<div class=\"elementor-widget-container\">\n\t\t\t\t\t\t\t\t\t\t\t\t\t\t\t\t<a href=\"https:\/\/wroclaw-info.pl\/en\/top-10-we-wroclawiu\/uniwersytet-wroclawski-2\/\">\n\t\t\t\t\t\t\t<img loading=\"lazy\" decoding=\"async\" width=\"344\" height=\"276\" src=\"https:\/\/wroclaw-info.pl\/wp-content\/uploads\/2021\/07\/uniwersytet-we-wroclawiu.png\" class=\"elementor-animation-grow attachment-full size-full\" alt=\"\" srcset=\"https:\/\/wroclaw-info.pl\/wp-content\/uploads\/2021\/07\/uniwersytet-we-wroclawiu.png 344w, https:\/\/wroclaw-info.pl\/wp-content\/uploads\/2021\/07\/uniwersytet-we-wroclawiu-300x241.png 300w, https:\/\/wroclaw-info.pl\/wp-content\/uploads\/2021\/07\/uniwersytet-we-wroclawiu-16x12.png 16w\" sizes=\"auto, (max-width: 344px) 100vw, 344px\" \/>\t\t\t\t\t\t\t\t<\/a>\n\t\t\t\t\t\t\t\t\t\t\t\t\t\t\t<\/div>\n\t\t\t\t<\/div>\n\t\t\t\t<div class=\"elementor-element elementor-element-ddde398 elementor-widget elementor-widget-spacer\" data-id=\"ddde398\" data-element_type=\"widget\" data-widget_type=\"spacer.default\">\n\t\t\t\t<div class=\"elementor-widget-container\">\n\t\t\t\t\t<div class=\"elementor-spacer\">\n\t\t\t<div class=\"elementor-spacer-inner\"><\/div>\n\t\t<\/div>\n\t\t\t\t<\/div>\n\t\t\t\t<\/div>\n\t\t\t\t<div class=\"elementor-element elementor-element-1bdba7d elementor-widget elementor-widget-heading\" data-id=\"1bdba7d\" data-element_type=\"widget\" data-widget_type=\"heading.default\">\n\t\t\t\t<div class=\"elementor-widget-container\">\n\t\t\t<h2 class=\"elementor-heading-title elementor-size-large\">Uniwersytet Wroc\u0142awski<\/h2>\t\t<\/div>\n\t\t\t\t<\/div>\n\t\t\t\t<div class=\"elementor-element elementor-element-5d59473 elementor-widget elementor-widget-text-editor\" data-id=\"5d59473\" data-element_type=\"widget\" data-widget_type=\"text-editor.default\">\n\t\t\t\t<div class=\"elementor-widget-container\">\n\t\t\t\t\t\t\t\t<p>Uniwersytet powsta\u0142 w 1702 roku na mocy z\u0142otej bulli wydanej przez cesarza Leopolda I, posiada przepi\u0119kn\u0105, najd\u0142u\u017csz\u0105 fasad\u0119 barokow\u0105 w Europie. Miejsce warte odwiedzenia ze wzgl\u0119du na ilo\u015b\u0107 atrakcji posiadaj\u0105cych ogromn\u0105 warto\u015b\u0107 historyczn\u0105. We wn\u0119trzu znajdziesz barokow\u0105 Aul\u0119 Leopoldina \u2212 dzi\u015b miejsce, w kt\u00f3rym corocznie odbywa si\u0119 inauguracja roku akademickiego. Warto wspi\u0105\u0107 si\u0119 na najwy\u017csze pi\u0119tro i odwiedzi\u0107 Wie\u017c\u0119 Matematyczn\u0105 \u2212 punkt widokowy, znajduj\u0105cy si\u0119 na wysoko\u015bci 42 metr\u00f3w.<\/p>\t\t\t\t\t\t<\/div>\n\t\t\t\t<\/div>\n\t\t\t\t\t<\/div>\n\t\t<\/div>\n\t\t\t\t<div class=\"elementor-column elementor-col-33 elementor-top-column elementor-element elementor-element-7f19467\" data-id=\"7f19467\" data-element_type=\"column\">\n\t\t\t<div class=\"elementor-widget-wrap elementor-element-populated\">\n\t\t\t\t\t\t\t\t<div class=\"elementor-element elementor-element-e76ed98 elementor-widget elementor-widget-image\" data-id=\"e76ed98\" data-element_type=\"widget\" data-settings=\"{&quot;_animation&quot;:&quot;none&quot;,&quot;_animation_delay&quot;:100}\" data-widget_type=\"image.default\">\n\t\t\t\t<div class=\"elementor-widget-container\">\n\t\t\t\t\t\t\t\t\t\t\t\t\t\t\t\t<a href=\"https:\/\/visitwroclaw.eu\/poznajemy-najstarszy-wroclaw\">\n\t\t\t\t\t\t\t<img loading=\"lazy\" decoding=\"async\" width=\"344\" height=\"276\" src=\"https:\/\/wroclaw-info.pl\/wp-content\/uploads\/2021\/07\/rynek-z-gory.png\" class=\"elementor-animation-grow attachment-full size-full\" alt=\"\" srcset=\"https:\/\/wroclaw-info.pl\/wp-content\/uploads\/2021\/07\/rynek-z-gory.png 344w, https:\/\/wroclaw-info.pl\/wp-content\/uploads\/2021\/07\/rynek-z-gory-300x241.png 300w, https:\/\/wroclaw-info.pl\/wp-content\/uploads\/2021\/07\/rynek-z-gory-16x12.png 16w\" sizes=\"auto, (max-width: 344px) 100vw, 344px\" \/>\t\t\t\t\t\t\t\t<\/a>\n\t\t\t\t\t\t\t\t\t\t\t\t\t\t\t<\/div>\n\t\t\t\t<\/div>\n\t\t\t\t<div class=\"elementor-element elementor-element-8af0ba2 elementor-widget elementor-widget-spacer\" data-id=\"8af0ba2\" data-element_type=\"widget\" data-widget_type=\"spacer.default\">\n\t\t\t\t<div class=\"elementor-widget-container\">\n\t\t\t\t\t<div class=\"elementor-spacer\">\n\t\t\t<div class=\"elementor-spacer-inner\"><\/div>\n\t\t<\/div>\n\t\t\t\t<\/div>\n\t\t\t\t<\/div>\n\t\t\t\t<div class=\"elementor-element elementor-element-2130729 elementor-widget elementor-widget-heading\" data-id=\"2130729\" data-element_type=\"widget\" data-widget_type=\"heading.default\">\n\t\t\t\t<div class=\"elementor-widget-container\">\n\t\t\t<h2 class=\"elementor-heading-title elementor-size-large\">Historyczny Szlak przy ul. Nankiera<\/h2>\t\t<\/div>\n\t\t\t\t<\/div>\n\t\t\t\t<div class=\"elementor-element elementor-element-a09fc81 elementor-widget elementor-widget-text-editor\" data-id=\"a09fc81\" data-element_type=\"widget\" data-widget_type=\"text-editor.default\">\n\t\t\t\t<div class=\"elementor-widget-container\">\n\t\t\t\t\t\t\t\t<p>Sk\u0142adaj\u0105cy si\u0119 z\u2026 tabliczek, reprezentuj\u0105cych najwa\u017cniejsze wydarzenia, kt\u00f3re mia\u0142y miejsce na przestrzeni lat we Wroc\u0142awiu. Pocz\u0105tki miasta si\u0119gaj\u0105 roku 1000, kiedy to we Wroc\u0142awiu utworzono biskupstwo. W XIV w. miasto przesz\u0142o pod panowanie czeskie i rozwija\u0142o si\u0119 pod nim do 1526 roku. Kolejne wieki to panowanie austriackie, a od XVIII pruskie. Lata 1944\u22121945 kiedy to Wroc\u0142aw zosta\u0142 og\u0142oszony twierdz\u0105 Festung Breslau a\u017c do swej kapitulacji 6 maja 1945 roku. By\u0142 to czas zag\u0142ady miasta, kt\u00f3re zosta\u0142o zniszczone w 70%. Na mocy traktatu poczdamskiego, po II wojnie \u015bwiatowej Wroc\u0142aw na powr\u00f3t sta\u0142 si\u0119 miastem polskim.<\/p>\t\t\t\t\t\t<\/div>\n\t\t\t\t<\/div>\n\t\t\t\t\t<\/div>\n\t\t<\/div>\n\t\t\t\t<div class=\"elementor-column elementor-col-33 elementor-top-column elementor-element elementor-element-73666de\" data-id=\"73666de\" data-element_type=\"column\">\n\t\t\t<div class=\"elementor-widget-wrap elementor-element-populated\">\n\t\t\t\t\t\t\t\t<div class=\"elementor-element elementor-element-0dc9c7b elementor-widget elementor-widget-image\" data-id=\"0dc9c7b\" data-element_type=\"widget\" data-settings=\"{&quot;_animation&quot;:&quot;none&quot;,&quot;_animation_delay&quot;:100}\" data-widget_type=\"image.default\">\n\t\t\t\t<div class=\"elementor-widget-container\">\n\t\t\t\t\t\t\t\t\t\t\t\t\t\t\t\t<a href=\"https:\/\/visitwroclaw.eu\/miejsce\/hala-targowa\">\n\t\t\t\t\t\t\t<img loading=\"lazy\" decoding=\"async\" width=\"343\" height=\"276\" src=\"https:\/\/wroclaw-info.pl\/wp-content\/uploads\/2021\/07\/hala-targowa-we-wroclawiu.png\" class=\"elementor-animation-grow attachment-full size-full\" alt=\"\" srcset=\"https:\/\/wroclaw-info.pl\/wp-content\/uploads\/2021\/07\/hala-targowa-we-wroclawiu.png 343w, https:\/\/wroclaw-info.pl\/wp-content\/uploads\/2021\/07\/hala-targowa-we-wroclawiu-300x241.png 300w, https:\/\/wroclaw-info.pl\/wp-content\/uploads\/2021\/07\/hala-targowa-we-wroclawiu-16x12.png 16w\" sizes=\"auto, (max-width: 343px) 100vw, 343px\" \/>\t\t\t\t\t\t\t\t<\/a>\n\t\t\t\t\t\t\t\t\t\t\t\t\t\t\t<\/div>\n\t\t\t\t<\/div>\n\t\t\t\t<div class=\"elementor-element elementor-element-37d9329 elementor-widget elementor-widget-spacer\" data-id=\"37d9329\" data-element_type=\"widget\" data-widget_type=\"spacer.default\">\n\t\t\t\t<div class=\"elementor-widget-container\">\n\t\t\t\t\t<div class=\"elementor-spacer\">\n\t\t\t<div class=\"elementor-spacer-inner\"><\/div>\n\t\t<\/div>\n\t\t\t\t<\/div>\n\t\t\t\t<\/div>\n\t\t\t\t<div class=\"elementor-element elementor-element-7f33e88 elementor-widget elementor-widget-heading\" data-id=\"7f33e88\" data-element_type=\"widget\" data-widget_type=\"heading.default\">\n\t\t\t\t<div class=\"elementor-widget-container\">\n\t\t\t<h2 class=\"elementor-heading-title elementor-size-large\">Wroc\u0142awska Hala Targowa<\/h2>\t\t<\/div>\n\t\t\t\t<\/div>\n\t\t\t\t<div class=\"elementor-element elementor-element-2524b8d elementor-widget elementor-widget-text-editor\" data-id=\"2524b8d\" data-element_type=\"widget\" data-widget_type=\"text-editor.default\">\n\t\t\t\t<div class=\"elementor-widget-container\">\n\t\t\t\t\t\t\t\t<p>Wzniesiona w 1908 roku dla uporz\u0105dkowania handlu w centrum miasta, kt\u00f3ry wcze\u015bniej odbywa\u0142 si\u0119 na placu Nowy Targ. Hala w momencie otwarcia by\u0142a jednym z najnowocze\u015bniejszych budynk\u00f3w miasta. Wyposa\u017cona w windy, ch\u0142odnie, wentylacj\u0119, do dzi\u015b zachowa\u0142a swoj\u0105 targow\u0105 atmosfer\u0119. Wewn\u0105trz zastosowano nowatorsk\u0105 konstrukcj\u0119 \u017celbetow\u0105 w formie eliptycznych \u0142uk\u00f3w tworz\u0105cych szkielet. Czynna od poniedzia\u0142ku do soboty od 8.30\u221218.00.<\/p>\t\t\t\t\t\t<\/div>\n\t\t\t\t<\/div>\n\t\t\t\t\t<\/div>\n\t\t<\/div>\n\t\t\t\t\t\t\t<\/div>\n\t\t<\/section>\n\t\t\t\t<section class=\"elementor-section elementor-top-section elementor-element elementor-element-39e1259 elementor-section-boxed elementor-section-height-default elementor-section-height-default\" data-id=\"39e1259\" data-element_type=\"section\">\n\t\t\t\t\t\t<div class=\"elementor-container elementor-column-gap-default\">\n\t\t\t\t\t<div class=\"elementor-column elementor-col-33 elementor-top-column elementor-element elementor-element-d277547\" data-id=\"d277547\" data-element_type=\"column\">\n\t\t\t<div class=\"elementor-widget-wrap elementor-element-populated\">\n\t\t\t\t\t\t\t\t<div class=\"elementor-element elementor-element-f0fad43 elementor-widget elementor-widget-image\" data-id=\"f0fad43\" data-element_type=\"widget\" data-settings=\"{&quot;_animation&quot;:&quot;none&quot;,&quot;_animation_delay&quot;:100}\" data-widget_type=\"image.default\">\n\t\t\t\t<div class=\"elementor-widget-container\">\n\t\t\t\t\t\t\t\t\t\t\t\t\t\t\t\t<a href=\"https:\/\/visitwroclaw.eu\/miejsce\/most-tumski\">\n\t\t\t\t\t\t\t<img loading=\"lazy\" decoding=\"async\" width=\"344\" height=\"276\" src=\"https:\/\/wroclaw-info.pl\/wp-content\/uploads\/2021\/07\/Frame-7.png\" class=\"elementor-animation-grow attachment-full size-full\" alt=\"\" srcset=\"https:\/\/wroclaw-info.pl\/wp-content\/uploads\/2021\/07\/Frame-7.png 344w, https:\/\/wroclaw-info.pl\/wp-content\/uploads\/2021\/07\/Frame-7-300x241.png 300w, https:\/\/wroclaw-info.pl\/wp-content\/uploads\/2021\/07\/Frame-7-16x12.png 16w\" sizes=\"auto, (max-width: 344px) 100vw, 344px\" \/>\t\t\t\t\t\t\t\t<\/a>\n\t\t\t\t\t\t\t\t\t\t\t\t\t\t\t<\/div>\n\t\t\t\t<\/div>\n\t\t\t\t<div class=\"elementor-element elementor-element-ad41dd1 elementor-widget elementor-widget-spacer\" data-id=\"ad41dd1\" data-element_type=\"widget\" data-widget_type=\"spacer.default\">\n\t\t\t\t<div class=\"elementor-widget-container\">\n\t\t\t\t\t<div class=\"elementor-spacer\">\n\t\t\t<div class=\"elementor-spacer-inner\"><\/div>\n\t\t<\/div>\n\t\t\t\t<\/div>\n\t\t\t\t<\/div>\n\t\t\t\t<div class=\"elementor-element elementor-element-9658379 elementor-widget elementor-widget-heading\" data-id=\"9658379\" data-element_type=\"widget\" data-widget_type=\"heading.default\">\n\t\t\t\t<div class=\"elementor-widget-container\">\n\t\t\t<h2 class=\"elementor-heading-title elementor-size-large\">Most Tumski<\/h2>\t\t<\/div>\n\t\t\t\t<\/div>\n\t\t\t\t<div class=\"elementor-element elementor-element-c1d3a5f elementor-widget elementor-widget-text-editor\" data-id=\"c1d3a5f\" data-element_type=\"widget\" data-widget_type=\"text-editor.default\">\n\t\t\t\t<div class=\"elementor-widget-container\">\n\t\t\t\t\t\t\t\t<p>Nie bez powodu Wroc\u0142aw nazywany jest Wenecj\u0105 P\u00f3\u0142nocy! Przez miasto przep\u0142ywa 5 rzek, w tym Odra, b\u0119d\u0105ca drug\u0105 najd\u0142u\u017csz\u0105 rzek\u0105 w Polsce. Wroc\u0142aw plasuje si\u0119 na 5 miejscu pod wzgl\u0119dem ilo\u015bci most\u00f3w w Europie, z pewno\u015bci\u0105 jest tutaj ich ponad 100. Most Tumski jest najs\u0142ynniejszym mostem Wroc\u0142awia. Dawniej bywa\u0142 nazywany Mostem Zakochanych, a to za spraw\u0105 k\u0142\u00f3dek, kt\u00f3re zakochani na nim umieszczali, sk\u0142adaj\u0105c sobie przysi\u0119g\u0119 mi\u0142o\u015bci. Most odnowiono, k\u0142\u00f3dki usuni\u0119to\u2026 pierwsza partia wywo\u017conych k\u0142\u00f3dek wa\u017cy\u0142a prawie 5 ton!<\/p>\t\t\t\t\t\t<\/div>\n\t\t\t\t<\/div>\n\t\t\t\t\t<\/div>\n\t\t<\/div>\n\t\t\t\t<div class=\"elementor-column elementor-col-33 elementor-top-column elementor-element elementor-element-720aea4\" data-id=\"720aea4\" data-element_type=\"column\">\n\t\t\t<div class=\"elementor-widget-wrap elementor-element-populated\">\n\t\t\t\t\t\t\t\t<div class=\"elementor-element elementor-element-67fad9a elementor-widget elementor-widget-image\" data-id=\"67fad9a\" data-element_type=\"widget\" data-settings=\"{&quot;_animation&quot;:&quot;none&quot;,&quot;_animation_delay&quot;:100}\" data-widget_type=\"image.default\">\n\t\t\t\t<div class=\"elementor-widget-container\">\n\t\t\t\t\t\t\t\t\t\t\t\t\t\t\t\t<a href=\"https:\/\/wroclaw-info.pl\/en\/top-10-we-wroclawiu\/ostrow-tumski\/\">\n\t\t\t\t\t\t\t<img loading=\"lazy\" decoding=\"async\" width=\"344\" height=\"276\" src=\"https:\/\/wroclaw-info.pl\/wp-content\/uploads\/2021\/07\/Frame-8.png\" class=\"elementor-animation-grow attachment-full size-full\" alt=\"\" srcset=\"https:\/\/wroclaw-info.pl\/wp-content\/uploads\/2021\/07\/Frame-8.png 344w, https:\/\/wroclaw-info.pl\/wp-content\/uploads\/2021\/07\/Frame-8-300x241.png 300w, https:\/\/wroclaw-info.pl\/wp-content\/uploads\/2021\/07\/Frame-8-16x12.png 16w\" sizes=\"auto, (max-width: 344px) 100vw, 344px\" \/>\t\t\t\t\t\t\t\t<\/a>\n\t\t\t\t\t\t\t\t\t\t\t\t\t\t\t<\/div>\n\t\t\t\t<\/div>\n\t\t\t\t<div class=\"elementor-element elementor-element-47d63ea elementor-widget elementor-widget-spacer\" data-id=\"47d63ea\" data-element_type=\"widget\" data-widget_type=\"spacer.default\">\n\t\t\t\t<div class=\"elementor-widget-container\">\n\t\t\t\t\t<div class=\"elementor-spacer\">\n\t\t\t<div class=\"elementor-spacer-inner\"><\/div>\n\t\t<\/div>\n\t\t\t\t<\/div>\n\t\t\t\t<\/div>\n\t\t\t\t<div class=\"elementor-element elementor-element-1f003a7 elementor-widget elementor-widget-heading\" data-id=\"1f003a7\" data-element_type=\"widget\" data-widget_type=\"heading.default\">\n\t\t\t\t<div class=\"elementor-widget-container\">\n\t\t\t<h2 class=\"elementor-heading-title elementor-size-large\">Ostr\u00f3w Tumski<\/h2>\t\t<\/div>\n\t\t\t\t<\/div>\n\t\t\t\t<div class=\"elementor-element elementor-element-15f0c89 elementor-widget elementor-widget-text-editor\" data-id=\"15f0c89\" data-element_type=\"widget\" data-widget_type=\"text-editor.default\">\n\t\t\t\t<div class=\"elementor-widget-container\">\n\t\t\t\t\t\t\t\t<p>Najstarsza cz\u0119\u015b\u0107 Wroc\u0142awia, dawniej b\u0119d\u0105ca \u015bredniowieczn\u0105 osad\u0105. Pocz\u0105tki Ostrowa Tumskiego si\u0119gaj\u0105 X wieku, z murowanego zamku piastowskiego z XII i XIII wieku zachowa\u0142o si\u0119 kilka fragment\u00f3w zabudowy. W centralnym miejscu od zawsze sta\u0142a \u015bwi\u0105tynia \u2212 dzisiejsza katedra jest czwartym ko\u015bcio\u0142em stoj\u0105cym w tym miejscu. Miejsce w sam raz na wieczorny spacer \u2212 zanim zapadnie zmrok na Ostrowie pojawia si\u0119 wroc\u0142awski latarnik, kt\u00f3ry w oryginalnym stroju zapala 97 latarni gazowych!<\/p>\t\t\t\t\t\t<\/div>\n\t\t\t\t<\/div>\n\t\t\t\t\t<\/div>\n\t\t<\/div>\n\t\t\t\t<div class=\"elementor-column elementor-col-33 elementor-top-column elementor-element elementor-element-c101659\" data-id=\"c101659\" data-element_type=\"column\">\n\t\t\t<div class=\"elementor-widget-wrap elementor-element-populated\">\n\t\t\t\t\t\t\t\t<div class=\"elementor-element elementor-element-8ec39da elementor-widget elementor-widget-spacer\" data-id=\"8ec39da\" data-element_type=\"widget\" data-widget_type=\"spacer.default\">\n\t\t\t\t<div class=\"elementor-widget-container\">\n\t\t\t\t\t<div class=\"elementor-spacer\">\n\t\t\t<div class=\"elementor-spacer-inner\"><\/div>\n\t\t<\/div>\n\t\t\t\t<\/div>\n\t\t\t\t<\/div>\n\t\t\t\t\t<\/div>\n\t\t<\/div>\n\t\t\t\t\t\t\t<\/div>\n\t\t<\/section>\n\t\t\t\t<section class=\"elementor-section elementor-top-section elementor-element elementor-element-1ecac9f elementor-section-boxed elementor-section-height-default elementor-section-height-default\" data-id=\"1ecac9f\" data-element_type=\"section\" data-settings=\"{&quot;motion_fx_motion_fx_scrolling&quot;:&quot;yes&quot;,&quot;motion_fx_devices&quot;:[&quot;desktop&quot;]}\">\n\t\t\t\t\t\t<div class=\"elementor-container elementor-column-gap-default\">\n\t\t\t\t\t<div class=\"elementor-column elementor-col-100 elementor-top-column elementor-element elementor-element-16cd158\" data-id=\"16cd158\" data-element_type=\"column\">\n\t\t\t<div class=\"elementor-widget-wrap elementor-element-populated\">\n\t\t\t\t\t\t\t\t<div class=\"elementor-element elementor-element-817ac51 animated-slow elementor-widget-divider--separator-type-pattern elementor-widget-divider--view-line elementor-invisible elementor-widget elementor-widget-divider\" data-id=\"817ac51\" data-element_type=\"widget\" data-settings=\"{&quot;_animation&quot;:&quot;fadeIn&quot;}\" data-widget_type=\"divider.default\">\n\t\t\t\t<div class=\"elementor-widget-container\">\n\t\t\t\t\t<div class=\"elementor-divider\" style=\"--divider-pattern-url: url(&quot;data:image\/svg+xml,%3Csvg xmlns=&#039;http:\/\/www.w3.org\/2000\/svg&#039; preserveAspectRatio=&#039;none&#039; overflow=&#039;visible&#039; height=&#039;100%&#039; viewBox=&#039;0 0 24 24&#039; fill=&#039;none&#039; stroke=&#039;black&#039; stroke-width=&#039;1&#039; stroke-linecap=&#039;square&#039; stroke-miterlimit=&#039;10&#039;%3E%3Cpolyline points=&#039;0,18 12,6 24,18 &#039;\/%3E%3C\/svg%3E&quot;);\">\n\t\t\t<span class=\"elementor-divider-separator\">\n\t\t\t\t\t\t<\/span>\n\t\t<\/div>\n\t\t\t\t<\/div>\n\t\t\t\t<\/div>\n\t\t\t\t<div class=\"elementor-element elementor-element-eca09c7 elementor-widget elementor-widget-spacer\" data-id=\"eca09c7\" data-element_type=\"widget\" data-widget_type=\"spacer.default\">\n\t\t\t\t<div class=\"elementor-widget-container\">\n\t\t\t\t\t<div class=\"elementor-spacer\">\n\t\t\t<div class=\"elementor-spacer-inner\"><\/div>\n\t\t<\/div>\n\t\t\t\t<\/div>\n\t\t\t\t<\/div>\n\t\t\t\t\t<\/div>\n\t\t<\/div>\n\t\t\t\t\t\t\t<\/div>\n\t\t<\/section>\n\t\t\t\t\t\t<\/div>\n\t\t\t\t\t<\/div>","protected":false},"excerpt":{"rendered":"<p>Wroc\u0142aw na pierwszy rzut oka Pierwsze wra\u017cenie jest najwa\u017cniejsze! Poznaj najbardziej charakterystyczne miejsca we Wroc\u0142awiu, je\u015bli masz niewiele czasu. Poczuj klimat, charakter i r\u00f3\u017cnorodno\u015b\u0107 miasta nad Odr\u0105. Wroc\u0142aw w 1&hellip;&nbsp;<a href=\"https:\/\/wroclaw-info.pl\/en\/poznaj-wroclaw\/wroclaw-1-dzien\/\" class=\"\" rel=\"bookmark\">Read More &raquo;<span class=\"screen-reader-text\">Wroc\u0142aw w 1 dzie\u0144<\/span><\/a><\/p>","protected":false},"author":1,"featured_media":0,"parent":548,"menu_order":0,"comment_status":"closed","ping_status":"closed","template":"elementor_header_footer","meta":{"neve_meta_sidebar":"full-width","neve_meta_container":"","neve_meta_enable_content_width":"on","neve_meta_content_width":100,"neve_meta_title_alignment":"","neve_meta_author_avatar":"","neve_post_elements_order":"","neve_meta_disable_header":"","neve_meta_disable_footer":"","neve_meta_disable_title":"","_themeisle_gutenberg_block_has_review":false,"_ti_tpc_template_sync":false,"_ti_tpc_template_id":"","footnotes":""},"class_list":["post-801","page","type-page","status-publish","hentry"],"yoast_head":"<!-- This site is optimized with the Yoast SEO Premium plugin v16.3 (Yoast SEO v21.7) - https:\/\/yoast.com\/wordpress\/plugins\/seo\/ -->\n<title>Wroc\u0142aw w 1 dzie\u0144 - Centrum Informacji Turystycznej<\/title>\n<meta name=\"robots\" content=\"index, follow, max-snippet:-1, max-image-preview:large, max-video-preview:-1\" \/>\n<link rel=\"canonical\" href=\"https:\/\/wroclaw-info.pl\/en\/poznaj-wroclaw\/wroclaw-1-dzien\/\" \/>\n<meta property=\"og:locale\" content=\"en_GB\" \/>\n<meta property=\"og:type\" content=\"article\" \/>\n<meta property=\"og:title\" content=\"Wroc\u0142aw w 1 dzie\u0144 - Centrum Informacji Turystycznej\" \/>\n<meta property=\"og:description\" content=\"Wroc\u0142aw na pierwszy rzut oka Pierwsze wra\u017cenie jest najwa\u017cniejsze! Poznaj najbardziej charakterystyczne miejsca we Wroc\u0142awiu, je\u015bli masz niewiele czasu. Poczuj klimat, charakter i r\u00f3\u017cnorodno\u015b\u0107 miasta nad Odr\u0105. Wroc\u0142aw w 1&hellip;&nbsp;Read More &raquo;Wroc\u0142aw w 1 dzie\u0144\" \/>\n<meta property=\"og:url\" content=\"https:\/\/wroclaw-info.pl\/en\/poznaj-wroclaw\/wroclaw-1-dzien\/\" \/>\n<meta property=\"og:site_name\" content=\"Centrum Informacji Turystycznej\" \/>\n<meta property=\"article:modified_time\" content=\"2021-11-27T20:07:19+00:00\" \/>\n<meta property=\"og:image\" content=\"https:\/\/wroclaw-info.pl\/wp-content\/uploads\/elementor\/thumbs\/260988319_595972461621792_7942289719805957905_n-pgp26n5ohr6effw2qe5ulci1q6gvnhfypm2z0ku8cw.png\" \/>\n<meta name=\"twitter:card\" content=\"summary_large_image\" \/>\n<meta name=\"twitter:label1\" content=\"Estimated reading time\" \/>\n\t<meta name=\"twitter:data1\" content=\"5 minutes\" \/>\n<script type=\"application\/ld+json\" class=\"yoast-schema-graph\">{\"@context\":\"https:\/\/schema.org\",\"@graph\":[{\"@type\":\"WebPage\",\"@id\":\"https:\/\/wroclaw-info.pl\/poznaj-wroclaw\/wroclaw-1-dzien\/\",\"url\":\"https:\/\/wroclaw-info.pl\/poznaj-wroclaw\/wroclaw-1-dzien\/\",\"name\":\"Wroc\u0142aw w 1 dzie\u0144 - Centrum Informacji Turystycznej\",\"isPartOf\":{\"@id\":\"https:\/\/wroclaw-info.pl\/#website\"},\"datePublished\":\"2021-07-22T21:05:54+00:00\",\"dateModified\":\"2021-11-27T20:07:19+00:00\",\"breadcrumb\":{\"@id\":\"https:\/\/wroclaw-info.pl\/poznaj-wroclaw\/wroclaw-1-dzien\/#breadcrumb\"},\"inLanguage\":\"en-GB\",\"potentialAction\":[{\"@type\":\"ReadAction\",\"target\":[\"https:\/\/wroclaw-info.pl\/poznaj-wroclaw\/wroclaw-1-dzien\/\"]}]},{\"@type\":\"BreadcrumbList\",\"@id\":\"https:\/\/wroclaw-info.pl\/poznaj-wroclaw\/wroclaw-1-dzien\/#breadcrumb\",\"itemListElement\":[{\"@type\":\"ListItem\",\"position\":1,\"name\":\"Home\",\"item\":\"https:\/\/wroclaw-info.pl\/\"},{\"@type\":\"ListItem\",\"position\":2,\"name\":\"Poznaj Wroc\u0142aw\",\"item\":\"https:\/\/wroclaw-info.pl\/poznaj-wroclaw\/\"},{\"@type\":\"ListItem\",\"position\":3,\"name\":\"Wroc\u0142aw w 1 dzie\u0144\"}]},{\"@type\":\"WebSite\",\"@id\":\"https:\/\/wroclaw-info.pl\/#website\",\"url\":\"https:\/\/wroclaw-info.pl\/\",\"name\":\"Centrum Informacji Turystycznej\",\"description\":\"Centrum Informacji Turystycznej we Wroc\u0142awiu\",\"publisher\":{\"@id\":\"https:\/\/wroclaw-info.pl\/#organization\"},\"potentialAction\":[{\"@type\":\"SearchAction\",\"target\":{\"@type\":\"EntryPoint\",\"urlTemplate\":\"https:\/\/wroclaw-info.pl\/?s={search_term_string}\"},\"query-input\":\"required name=search_term_string\"}],\"inLanguage\":\"en-GB\"},{\"@type\":\"Organization\",\"@id\":\"https:\/\/wroclaw-info.pl\/#organization\",\"name\":\"Centrum Informacji Turystycznej\",\"url\":\"https:\/\/wroclaw-info.pl\/\",\"logo\":{\"@type\":\"ImageObject\",\"inLanguage\":\"en-GB\",\"@id\":\"https:\/\/wroclaw-info.pl\/#\/schema\/logo\/image\/\",\"url\":\"https:\/\/wroclaw-info.pl\/wp-content\/uploads\/2021\/05\/Wroclaw_info.png\",\"contentUrl\":\"https:\/\/wroclaw-info.pl\/wp-content\/uploads\/2021\/05\/Wroclaw_info.png\",\"width\":591,\"height\":591,\"caption\":\"Centrum Informacji Turystycznej\"},\"image\":{\"@id\":\"https:\/\/wroclaw-info.pl\/#\/schema\/logo\/image\/\"}}]}<\/script>\n<!-- \/ Yoast SEO Premium plugin. -->","yoast_head_json":{"title":"Wroc\u0142aw w 1 dzie\u0144 - Centrum Informacji Turystycznej","robots":{"index":"index","follow":"follow","max-snippet":"max-snippet:-1","max-image-preview":"max-image-preview:large","max-video-preview":"max-video-preview:-1"},"canonical":"https:\/\/wroclaw-info.pl\/en\/poznaj-wroclaw\/wroclaw-1-dzien\/","og_locale":"en_GB","og_type":"article","og_title":"Wroc\u0142aw w 1 dzie\u0144 - Centrum Informacji Turystycznej","og_description":"Wroc\u0142aw na pierwszy rzut oka Pierwsze wra\u017cenie jest najwa\u017cniejsze! Poznaj najbardziej charakterystyczne miejsca we Wroc\u0142awiu, je\u015bli masz niewiele czasu. Poczuj klimat, charakter i r\u00f3\u017cnorodno\u015b\u0107 miasta nad Odr\u0105. Wroc\u0142aw w 1&hellip;&nbsp;Read More &raquo;Wroc\u0142aw w 1 dzie\u0144","og_url":"https:\/\/wroclaw-info.pl\/en\/poznaj-wroclaw\/wroclaw-1-dzien\/","og_site_name":"Centrum Informacji Turystycznej","article_modified_time":"2021-11-27T20:07:19+00:00","og_image":[{"url":"https:\/\/wroclaw-info.pl\/wp-content\/uploads\/elementor\/thumbs\/260988319_595972461621792_7942289719805957905_n-pgp26n5ohr6effw2qe5ulci1q6gvnhfypm2z0ku8cw.png"}],"twitter_card":"summary_large_image","twitter_misc":{"Estimated reading time":"5 minutes"},"schema":{"@context":"https:\/\/schema.org","@graph":[{"@type":"WebPage","@id":"https:\/\/wroclaw-info.pl\/poznaj-wroclaw\/wroclaw-1-dzien\/","url":"https:\/\/wroclaw-info.pl\/poznaj-wroclaw\/wroclaw-1-dzien\/","name":"Wroc\u0142aw w 1 dzie\u0144 - Centrum Informacji Turystycznej","isPartOf":{"@id":"https:\/\/wroclaw-info.pl\/#website"},"datePublished":"2021-07-22T21:05:54+00:00","dateModified":"2021-11-27T20:07:19+00:00","breadcrumb":{"@id":"https:\/\/wroclaw-info.pl\/poznaj-wroclaw\/wroclaw-1-dzien\/#breadcrumb"},"inLanguage":"en-GB","potentialAction":[{"@type":"ReadAction","target":["https:\/\/wroclaw-info.pl\/poznaj-wroclaw\/wroclaw-1-dzien\/"]}]},{"@type":"BreadcrumbList","@id":"https:\/\/wroclaw-info.pl\/poznaj-wroclaw\/wroclaw-1-dzien\/#breadcrumb","itemListElement":[{"@type":"ListItem","position":1,"name":"Home","item":"https:\/\/wroclaw-info.pl\/"},{"@type":"ListItem","position":2,"name":"Poznaj Wroc\u0142aw","item":"https:\/\/wroclaw-info.pl\/poznaj-wroclaw\/"},{"@type":"ListItem","position":3,"name":"Wroc\u0142aw w 1 dzie\u0144"}]},{"@type":"WebSite","@id":"https:\/\/wroclaw-info.pl\/#website","url":"https:\/\/wroclaw-info.pl\/","name":"Centrum Informacji Turystycznej","description":"Centrum Informacji Turystycznej we Wroc\u0142awiu","publisher":{"@id":"https:\/\/wroclaw-info.pl\/#organization"},"potentialAction":[{"@type":"SearchAction","target":{"@type":"EntryPoint","urlTemplate":"https:\/\/wroclaw-info.pl\/?s={search_term_string}"},"query-input":"required name=search_term_string"}],"inLanguage":"en-GB"},{"@type":"Organization","@id":"https:\/\/wroclaw-info.pl\/#organization","name":"Centrum Informacji Turystycznej","url":"https:\/\/wroclaw-info.pl\/","logo":{"@type":"ImageObject","inLanguage":"en-GB","@id":"https:\/\/wroclaw-info.pl\/#\/schema\/logo\/image\/","url":"https:\/\/wroclaw-info.pl\/wp-content\/uploads\/2021\/05\/Wroclaw_info.png","contentUrl":"https:\/\/wroclaw-info.pl\/wp-content\/uploads\/2021\/05\/Wroclaw_info.png","width":591,"height":591,"caption":"Centrum Informacji Turystycznej"},"image":{"@id":"https:\/\/wroclaw-info.pl\/#\/schema\/logo\/image\/"}}]}},"_links":{"self":[{"href":"https:\/\/wroclaw-info.pl\/en\/wp-json\/wp\/v2\/pages\/801","targetHints":{"allow":["GET"]}}],"collection":[{"href":"https:\/\/wroclaw-info.pl\/en\/wp-json\/wp\/v2\/pages"}],"about":[{"href":"https:\/\/wroclaw-info.pl\/en\/wp-json\/wp\/v2\/types\/page"}],"author":[{"embeddable":true,"href":"https:\/\/wroclaw-info.pl\/en\/wp-json\/wp\/v2\/users\/1"}],"replies":[{"embeddable":true,"href":"https:\/\/wroclaw-info.pl\/en\/wp-json\/wp\/v2\/comments?post=801"}],"version-history":[{"count":52,"href":"https:\/\/wroclaw-info.pl\/en\/wp-json\/wp\/v2\/pages\/801\/revisions"}],"predecessor-version":[{"id":1352,"href":"https:\/\/wroclaw-info.pl\/en\/wp-json\/wp\/v2\/pages\/801\/revisions\/1352"}],"up":[{"embeddable":true,"href":"https:\/\/wroclaw-info.pl\/en\/wp-json\/wp\/v2\/pages\/548"}],"wp:attachment":[{"href":"https:\/\/wroclaw-info.pl\/en\/wp-json\/wp\/v2\/media?parent=801"}],"curies":[{"name":"wp","href":"https:\/\/api.w.org\/{rel}","templated":true}]}}